{"id":945,"date":"2015-12-22T12:00:01","date_gmt":"2015-12-22T11:00:01","guid":{"rendered":"http:\/\/crecimientointerior.com\/?page_id=945"},"modified":"2015-12-22T12:00:01","modified_gmt":"2015-12-22T11:00:01","slug":"la-terapia-gestalt","status":"publish","type":"page","link":"https:\/\/crecimientointerior.com\/index.php\/gestalt\/la-terapia-gestalt\/","title":{"rendered":"La terapia Gestalt"},"content":{"rendered":"<p style=\"text-align:justify;\"><span style=\"color:#000000;\">La terapia Gestalt\u00a0es una t\u00e9cnica psicol\u00f3gica surgida en la d\u00e9cada de los 50 como una filosof\u00eda de vida. Sus creadores son Fritz Perls (psiquiatra alem\u00e1n afincado en Estados Unidos), Laura Perls y Paul Goodman.<\/span><\/p>\n<p style=\"text-align:justify;\"><span style=\"color:#000000;\">Es una forma de trabajar dentro de la psicoterapia que se caracteriza por la importancia que el terapeuta le otorga a la sensaci\u00f3n, sentimiento, emoci\u00f3n y pensamiento que el paciente y el mismo est\u00e1n teniendo en este momento, aqu\u00ed y ahora. Puede llevarse a cabo en sesi\u00f3n individual, de pareja y de grupo.<\/span><\/p>\n<p style=\"text-align:justify;\"><span style=\"color:#000000;\"><!--more-->Aqu\u00ed, el terapeuta acompa\u00f1a al paciente en un proceso de amplificaci\u00f3n de conciencia, a trav\u00e9s de la relaci\u00f3n entre ambos, que le lleva a darse cuenta de su manera de relacionarse consigo mismo y con su entorno. El paciente va tomando cada vez m\u00e1s conciencia, a lo largo del proceso, de s\u00ed mismo y de lo que necesita al mismo tiempo que va descubriendo los mecanismos con los que se impide satisfacerse. Es a esta dificultad de la persona en obtener lo que necesita a la que llamamos neurosis. Tambi\u00e9n abordaremos aquellos rasgos narcisistas que tanto impiden ver con perspectiva saludable, la vida y a nosotr@s mism@s.<\/span><\/p>\n<p style=\"text-align:justify;\"><span style=\"color:#000000;\">S\u00f3lo d\u00e1ndonos cuenta de nuestras interrupciones, tomando conciencia de nuestros recursos presentes y nuestra realidad actual, podremos encauzar nuestra energ\u00eda para superar los obst\u00e1culos y reorientar nuestra perspectiva ante las dificultades que se nos presenten para conseguir la plenitud de ser nosotros mismos en cada aqu\u00ed y ahora.<\/span><\/p>\n<p style=\"text-align:justify;\"><span style=\"color:#000000;\">Sesiones de una hora, apertura, consensos, procesos, y cierre<\/span><\/p>\n<p style=\"text-align:justify;\"><span style=\"color:#000000;\">Al inicio del contrato verbal, consensuaremos terapeuta y paciente, el horario, la frecuencia, el precio, los cambios de citas y el cierre-despedida.<\/span><\/p>\n","protected":false},"excerpt":{"rendered":"<p>La terapia Gestalt\u00a0es una t\u00e9cnica psicol\u00f3gica surgida en la d\u00e9cada de los 50 como una filosof\u00eda de vida. Sus creadores son Fritz Perls (psiquiatra alem\u00e1n afincado en Estados Unidos), Laura Perls y Paul Goodman. Es una forma de trabajar dentro de la psicoterapia que se caracteriza por la importancia que el terapeuta le otorga a &hellip; <a href=\"https:\/\/crecimientointerior.com\/index.php\/gestalt\/la-terapia-gestalt\/\" class=\"more-link\">Seguir leyendo <span class=\"screen-reader-text\">La terapia Gestalt<\/span> <span class=\"meta-nav\">&rarr;<\/span><\/a><\/p>\n","protected":false},"author":1,"featured_media":0,"parent":885,"menu_order":1,"comment_status":"closed","ping_status":"closed","template":"","meta":{"footnotes":""},"class_list":["post-945","page","type-page","status-publish","hentry"],"_links":{"self":[{"href":"https:\/\/crecimientointerior.com\/index.php\/wp-json\/wp\/v2\/pages\/945","targetHints":{"allow":["GET"]}}],"collection":[{"href":"https:\/\/crecimientointerior.com\/index.php\/wp-json\/wp\/v2\/pages"}],"about":[{"href":"https:\/\/crecimientointerior.com\/index.php\/wp-json\/wp\/v2\/types\/page"}],"author":[{"embeddable":true,"href":"https:\/\/crecimientointerior.com\/index.php\/wp-json\/wp\/v2\/users\/1"}],"replies":[{"embeddable":true,"href":"https:\/\/crecimientointerior.com\/index.php\/wp-json\/wp\/v2\/comments?post=945"}],"version-history":[{"count":0,"href":"https:\/\/crecimientointerior.com\/index.php\/wp-json\/wp\/v2\/pages\/945\/revisions"}],"up":[{"embeddable":true,"href":"https:\/\/crecimientointerior.com\/index.php\/wp-json\/wp\/v2\/pages\/885"}],"wp:attachment":[{"href":"https:\/\/crecimientointerior.com\/index.php\/wp-json\/wp\/v2\/media?parent=945"}],"curies":[{"name":"wp","href":"https:\/\/api.w.org\/{rel}","templated":true}]}}