{"id":927,"date":"2015-12-22T11:45:48","date_gmt":"2015-12-22T10:45:48","guid":{"rendered":"http:\/\/crecimientointerior.com\/?page_id=927"},"modified":"2026-01-13T10:28:27","modified_gmt":"2026-01-13T09:28:27","slug":"esencias-florales-de-2a-y-3a-generacion","status":"publish","type":"page","link":"https:\/\/crecimientointerior.com\/index.php\/esencias-florales\/esencias-florales-de-2a-y-3a-generacion\/","title":{"rendered":"Esencias Florales de 2\u00aa  y 3\u00aa generaci\u00f3n"},"content":{"rendered":"<style>.kb-row-layout-id927_4cbaa0-e3 > .kt-row-column-wrap{align-content:start;}:where(.kb-row-layout-id927_4cbaa0-e3 > .kt-row-column-wrap) > .wp-block-kadence-column{justify-content:start;}.kb-row-layout-id927_4cbaa0-e3 > .kt-row-column-wrap{column-gap:var(--global-kb-gap-md, 2rem);row-gap:var(--global-kb-gap-md, 2rem);padding-top:var(--global-kb-spacing-sm, 1.5rem);padding-bottom:var(--global-kb-spacing-sm, 1.5rem);grid-template-columns:minmax(0, 1fr);}.kb-row-layout-id927_4cbaa0-e3 > .kt-row-layout-overlay{opacity:0.30;}@media all and (max-width: 1024px){.kb-row-layout-id927_4cbaa0-e3 > .kt-row-column-wrap{grid-template-columns:minmax(0, 1fr);}}@media all and (max-width: 767px){.kb-row-layout-id927_4cbaa0-e3 > .kt-row-column-wrap{grid-template-columns:minmax(0, 1fr);}}<\/style><div class=\"kb-row-layout-wrap kb-row-layout-id927_4cbaa0-e3 alignnone wp-block-kadence-rowlayout\"><div class=\"kt-row-column-wrap kt-has-1-columns kt-row-layout-equal kt-tab-layout-inherit kt-mobile-layout-row kt-row-valign-top\">\n<style>.kadence-column927_ed6b26-22 > .kt-inside-inner-col,.kadence-column927_ed6b26-22 > .kt-inside-inner-col:before{border-top-left-radius:0px;border-top-right-radius:0px;border-bottom-right-radius:0px;border-bottom-left-radius:0px;}.kadence-column927_ed6b26-22 > .kt-inside-inner-col{column-gap:var(--global-kb-gap-sm, 1rem);}.kadence-column927_ed6b26-22 > .kt-inside-inner-col{flex-direction:column;}.kadence-column927_ed6b26-22 > .kt-inside-inner-col > .aligncenter{width:100%;}.kadence-column927_ed6b26-22 > .kt-inside-inner-col:before{opacity:0.3;}.kadence-column927_ed6b26-22{position:relative;}@media all and (max-width: 1024px){.kadence-column927_ed6b26-22 > .kt-inside-inner-col{flex-direction:column;justify-content:center;}}@media all and (max-width: 767px){.kadence-column927_ed6b26-22 > .kt-inside-inner-col{flex-direction:column;justify-content:center;}}<\/style>\n<div class=\"wp-block-kadence-column kadence-column927_ed6b26-22\"><div class=\"kt-inside-inner-col\">\n<p class=\"has-text-align-center\"><strong>Programa<\/strong><\/p>\n\n\n\n<p class=\"has-text-align-center\" style=\"font-size:26px\"><strong>Flores del Mediterr\u00e1neo, California<\/strong><\/p>\n\n\n\n<p>&#8211; Introducci\u00f3n a las nuevas generaciones de elaboradores de esencias florales, inquietudes, objetivos, aquello que el Dr Bach no trat\u00f3 (en su marco, su historia) y lo que la vida actual tiene para ofrecernos.<\/p>\n\n\n\n<p>&#8211;&nbsp;&nbsp;&nbsp;&nbsp;&nbsp;&nbsp;&nbsp;&nbsp; Las nuevas problem\u00e1ticas personales y sociales<\/p>\n\n\n\n<p>&#8211;&nbsp;&nbsp;&nbsp;&nbsp;&nbsp;&nbsp;&nbsp;&nbsp; Las nuevas enfermedades, separaciones, la muerte<\/p>\n\n\n\n<p>&#8211;&nbsp;&nbsp;&nbsp;&nbsp;&nbsp;&nbsp;&nbsp;&nbsp; Los tratamientos para mejorar en los \u00e1mbitos del desarrollo personal y de especie<\/p>\n\n\n\n<p>&#8211;&nbsp;&nbsp;&nbsp;&nbsp;&nbsp;&nbsp;&nbsp;&nbsp; \u00bfQu\u00e9&nbsp; es la espiritualidad y, como la vivimos?. Para que vivir desde lo espiritual?<\/p>\n\n\n\n<p>&#8211; Introducci\u00f3n a \u00e9stos grupos florales. Diferencias entre sistema y grupo. \u00bfPor que, no solo Bach?, \u00bfpara que m\u00e1s florales?<\/p>\n\n\n\n<p>&#8211; Diferencias y aproximaciones con Bach<\/p>\n\n\n\n<p>&#8211; Diferencias entre flores que, en apariencia son iguales<\/p>\n\n\n\n<p>&#8211; Procesos de vida y las Esencias Florales, niveles de conciencia.<\/p>\n\n\n\n<p>-Diferentes Movimientos de la energ\u00eda vital. Anatom\u00eda f\u00edsica y energ\u00e9tica.<\/p>\n\n\n\n<ul class=\"wp-block-list\">\n<li>Movimientos de la energ\u00eda sexual y creativa<\/li>\n\n\n\n<li>Movimientos de la energ\u00eda de los afectos<\/li>\n\n\n\n<li>Movimientos de la energ\u00eda espiritual, conexi\u00f3n con el Alma. Relacionarse con la tierra y con el cielo<\/li>\n\n\n\n<li>Movimientos de la energ\u00eda intelectual y el lenguaje, comunicarse<\/li>\n\n\n\n<li>Movimientos de la energ\u00eda&nbsp;al relacionarse con uno mismo y con los dem\u00e1s. El grupo, los grupos, la sociedad<\/li>\n\n\n\n<li>Movimientos de la energ\u00eda hacia la realizaci\u00f3n personal y plenitud de vida. La muerte, la espiritualidad<\/li>\n<\/ul>\n\n\n\n<p>&#8211; Realizar&nbsp; una visita al Jard\u00edn Bot\u00e1nico,&nbsp; u otro parque o jard\u00edn y realizar all\u00ed el taller. Habilitar espacio para elaborar<\/p>\n\n\n\n<p>&#8211; Observaci\u00f3n, auto-observaci\u00f3n; tratamientos y autotratamientos, preparados florales in situ<\/p>\n\n\n\n<p>&#8211; Habilitar espacios para intercambios terap\u00e9uticos entre los alumnos. Supervisiones florales. Terapias individuales m\u00ednimo 15 horas.<\/p>\n\n\n\n<p>&#8211; Conclusiones. Bibliograf\u00eda de inter\u00e9s<\/p>\n\n\n\n<p class=\"has-text-align-center\"><strong>CONSULTAR FECHAS<\/strong><\/p>\n\n\n\n<p><strong><em>Cursos siguientes:<\/em><\/strong><\/p>\n\n\n\n<p><strong><em>\u00c1ureas (Alba, Damas, Rosas de P\u00e9rcival),Bush australiano, Orqu\u00eddeas del Amazonas<\/em><\/strong><\/p>\n<\/div><\/div>\n\n<\/div><\/div>\n\n<style>.kb-row-layout-id927_e81c0d-aa > .kt-row-column-wrap{align-content:start;}:where(.kb-row-layout-id927_e81c0d-aa > .kt-row-column-wrap) > .wp-block-kadence-column{justify-content:start;}.kb-row-layout-id927_e81c0d-aa > .kt-row-column-wrap{column-gap:var(--global-kb-gap-md, 2rem);row-gap:var(--global-kb-gap-md, 2rem);padding-top:var(--global-kb-spacing-sm, 1.5rem);padding-bottom:var(--global-kb-spacing-sm, 1.5rem);grid-template-columns:minmax(0, 1fr);}.kb-row-layout-id927_e81c0d-aa > .kt-row-layout-overlay{opacity:0.30;}@media all and (max-width: 1024px){.kb-row-layout-id927_e81c0d-aa > .kt-row-column-wrap{grid-template-columns:minmax(0, 1fr);}}@media all and (max-width: 767px){.kb-row-layout-id927_e81c0d-aa > .kt-row-column-wrap{grid-template-columns:minmax(0, 1fr);}}<\/style><div class=\"kb-row-layout-wrap kb-row-layout-id927_e81c0d-aa alignnone wp-block-kadence-rowlayout\"><div class=\"kt-row-column-wrap kt-has-1-columns kt-row-layout-equal kt-tab-layout-inherit kt-mobile-layout-row kt-row-valign-top\">\n<style>.kadence-column927_1cc1c6-19 > .kt-inside-inner-col,.kadence-column927_1cc1c6-19 > .kt-inside-inner-col:before{border-top-left-radius:0px;border-top-right-radius:0px;border-bottom-right-radius:0px;border-bottom-left-radius:0px;}.kadence-column927_1cc1c6-19 > .kt-inside-inner-col{column-gap:var(--global-kb-gap-sm, 1rem);}.kadence-column927_1cc1c6-19 > .kt-inside-inner-col{flex-direction:column;}.kadence-column927_1cc1c6-19 > .kt-inside-inner-col > .aligncenter{width:100%;}.kadence-column927_1cc1c6-19 > .kt-inside-inner-col:before{opacity:0.3;}.kadence-column927_1cc1c6-19{position:relative;}@media all and (max-width: 1024px){.kadence-column927_1cc1c6-19 > .kt-inside-inner-col{flex-direction:column;justify-content:center;}}@media all and (max-width: 767px){.kadence-column927_1cc1c6-19 > .kt-inside-inner-col{flex-direction:column;justify-content:center;}}<\/style>\n<div class=\"wp-block-kadence-column kadence-column927_1cc1c6-19\"><div class=\"kt-inside-inner-col\">\n<p class=\"has-text-align-center\" style=\"font-size:26px\">\u2794 <strong>Para el A\u00f1o 2026 &#8211;\u00a0 Seminario sobre Esencias Australianas.<\/strong><\/p>\n\n\n\n<p>Ian White, esencias del bush australiano. Historia, trayectoria. Desarrollo de trabajo tanto en el plano f\u00edsico, como el emocional. Tratar de manera \u201cunicista\u201d y apertura a novedades. Comparativas con flores de Bach y otros grupos florales. Sugerencias de estudio y practicas desde los somatotipos o, tipolog\u00edas psicol\u00f3gicas\/constitucionales, reconocibles.<\/p>\n\n\n\n<p>Donde conseguirlas. Como Elaborarlas. Asequible y practico.&nbsp; El d\u00eda 20 de enero cierre de inscripciones.<\/p>\n\n\n\n<p>&nbsp;40 \u20ac \/sesi\u00f3n. De sumarse 10 personas, descuento a cada una. Encuentros v\u00eda ZOOM. Manuales did\u00e1cticos, practicas.<\/p>\n\n\n\n<p>D\u00edas lunes: 27 enero.- 11 febrero\/martes.- 24 febrero .- 10 marzo .- 24 marzo .-&nbsp; 8 abril\/martes.- 28 abril. De 5pm a 8pm (Espa\u00f1a)<\/p>\n\n\n\n<p>As\u00ed, por el momento. Recomiendo: el Congreso de Mayo en Espa\u00f1a (SEDIBAC), gran calidad.<\/p>\n\n\n\n<p>Gracias. Vamos a ser felices.<\/p>\n<\/div><\/div>\n\n<\/div><\/div>\n\n<style>.kb-row-layout-id927_5bf235-56 > .kt-row-column-wrap{align-content:start;}:where(.kb-row-layout-id927_5bf235-56 > .kt-row-column-wrap) > .wp-block-kadence-column{justify-content:start;}.kb-row-layout-id927_5bf235-56 > .kt-row-column-wrap{column-gap:var(--global-kb-gap-md, 2rem);row-gap:var(--global-kb-gap-md, 2rem);padding-bottom:var(--global-kb-spacing-sm, 1.5rem);grid-template-columns:minmax(0, 1fr);}.kb-row-layout-id927_5bf235-56 > .kt-row-layout-overlay{opacity:0.30;}@media all and (max-width: 1024px){.kb-row-layout-id927_5bf235-56 > .kt-row-column-wrap{grid-template-columns:minmax(0, 1fr);}}@media all and (max-width: 767px){.kb-row-layout-id927_5bf235-56 > .kt-row-column-wrap{grid-template-columns:minmax(0, 1fr);}}<\/style><div class=\"kb-row-layout-wrap kb-row-layout-id927_5bf235-56 alignnone wp-block-kadence-rowlayout\"><div class=\"kt-row-column-wrap kt-has-1-columns kt-row-layout-equal kt-tab-layout-inherit kt-mobile-layout-row kt-row-valign-top\">\n<style>.kadence-column927_4cf950-d4 > .kt-inside-inner-col,.kadence-column927_4cf950-d4 > .kt-inside-inner-col:before{border-top-left-radius:0px;border-top-right-radius:0px;border-bottom-right-radius:0px;border-bottom-left-radius:0px;}.kadence-column927_4cf950-d4 > .kt-inside-inner-col{column-gap:var(--global-kb-gap-sm, 1rem);}.kadence-column927_4cf950-d4 > .kt-inside-inner-col{flex-direction:column;}.kadence-column927_4cf950-d4 > .kt-inside-inner-col > .aligncenter{width:100%;}.kadence-column927_4cf950-d4 > .kt-inside-inner-col:before{opacity:0.3;}.kadence-column927_4cf950-d4{position:relative;}@media all and (max-width: 1024px){.kadence-column927_4cf950-d4 > .kt-inside-inner-col{flex-direction:column;justify-content:center;}}@media all and (max-width: 767px){.kadence-column927_4cf950-d4 > .kt-inside-inner-col{flex-direction:column;justify-content:center;}}<\/style>\n<div class=\"wp-block-kadence-column kadence-column927_4cf950-d4\"><div class=\"kt-inside-inner-col\">\n<p class=\"has-text-align-center\"><strong>Con gusto, Carmen Risue\u00f1o Izquierdo.<\/strong><\/p>\n\n\n\n<p class=\"has-text-align-center\" style=\"font-size:18px\"><a href=\"https:\/\/crecimientointerior.com\/\"><strong>https:\/\/crecimientointerior.com\/<\/strong><\/a><\/p>\n\n\n\n<p class=\"has-text-align-center\" style=\"font-size:18px\"><a href=\"mailto:carmenrisuenoizquierdo@gmail.com\"><strong>carmenrisuenoizquierdo@gmail.com<\/strong><\/a><\/p>\n\n\n\n<p class=\"has-text-align-center\"><strong><a href=\"tel:629677047\">629677047<\/a><\/strong><\/p>\n\n\n<style>.kb-image927_dab447-ea.kb-image-is-ratio-size, .kb-image927_dab447-ea .kb-image-is-ratio-size{max-width:100px;width:100%;}.wp-block-kadence-column > .kt-inside-inner-col > .kb-image927_dab447-ea.kb-image-is-ratio-size, .wp-block-kadence-column > .kt-inside-inner-col > .kb-image927_dab447-ea .kb-image-is-ratio-size{align-self:unset;}.kb-image927_dab447-ea figure{max-width:100px;}.kb-image927_dab447-ea .image-is-svg, .kb-image927_dab447-ea .image-is-svg img{width:100%;}.kb-image927_dab447-ea .kb-image-has-overlay:after{opacity:0.3;}<\/style>\n<div class=\"wp-block-kadence-image kb-image927_dab447-ea\"><figure class=\"aligncenter size-full\"><a href=\"tel:629677047\" class=\"kb-advanced-image-link\"><img loading=\"lazy\" decoding=\"async\" width=\"119\" height=\"70\" src=\"https:\/\/crecimientointerior.com\/wp-content\/uploads\/2024\/12\/2.jpg\" alt=\"\" class=\"kb-img wp-image-1802\"\/><\/a><\/figure><\/div>\n\n\n<style>.kb-image927_3ebce8-75.kb-image-is-ratio-size, .kb-image927_3ebce8-75 .kb-image-is-ratio-size{max-width:70px;width:100%;}.wp-block-kadence-column > .kt-inside-inner-col > .kb-image927_3ebce8-75.kb-image-is-ratio-size, .wp-block-kadence-column > .kt-inside-inner-col > .kb-image927_3ebce8-75 .kb-image-is-ratio-size{align-self:unset;}.kb-image927_3ebce8-75 figure{max-width:70px;}.kb-image927_3ebce8-75 .image-is-svg, .kb-image927_3ebce8-75 .image-is-svg img{width:100%;}.kb-image927_3ebce8-75 .kb-image-has-overlay:after{opacity:0.3;}<\/style>\n<div class=\"wp-block-kadence-image kb-image927_3ebce8-75\"><figure class=\"aligncenter size-thumbnail\"><a href=\"tel:629677047\" class=\"kb-advanced-image-link\"><img loading=\"lazy\" decoding=\"async\" width=\"150\" height=\"150\" src=\"https:\/\/crecimientointerior.com\/wp-content\/uploads\/2024\/12\/1-150x150.png\" alt=\"\" class=\"kb-img wp-image-1801\"\/><\/a><\/figure><\/div>\n\n\n<div class=\"wp-block-image\">\n<figure class=\"aligncenter size-full\"><img loading=\"lazy\" decoding=\"async\" width=\"413\" height=\"170\" src=\"https:\/\/crecimientointerior.com\/wp-content\/uploads\/2024\/12\/logo.jpg\" alt=\"\" class=\"wp-image-1800\" srcset=\"https:\/\/crecimientointerior.com\/wp-content\/uploads\/2024\/12\/logo.jpg 413w, https:\/\/crecimientointerior.com\/wp-content\/uploads\/2024\/12\/logo-300x123.jpg 300w, https:\/\/crecimientointerior.com\/wp-content\/uploads\/2024\/12\/logo-270x111.jpg 270w\" sizes=\"auto, (max-width: 413px) 100vw, 413px\" \/><\/figure>\n<\/div><\/div><\/div>\n\n<\/div><\/div>","protected":false},"excerpt":{"rendered":"<p>Programa Flores del Mediterr\u00e1neo, California &#8211; Introducci\u00f3n a las nuevas generaciones de elaboradores de esencias florales, inquietudes, objetivos, aquello que el Dr Bach no trat\u00f3 (en su marco, su historia) y lo que la vida actual tiene para ofrecernos. &#8211;&nbsp;&nbsp;&nbsp;&nbsp;&nbsp;&nbsp;&nbsp;&nbsp; Las nuevas problem\u00e1ticas personales y sociales &#8211;&nbsp;&nbsp;&nbsp;&nbsp;&nbsp;&nbsp;&nbsp;&nbsp; Las nuevas enfermedades, separaciones, la muerte &#8211;&nbsp;&nbsp;&nbsp;&nbsp;&nbsp;&nbsp;&nbsp;&nbsp; Los &hellip; <a href=\"https:\/\/crecimientointerior.com\/index.php\/esencias-florales\/esencias-florales-de-2a-y-3a-generacion\/\" class=\"more-link\">Seguir leyendo <span class=\"screen-reader-text\">Esencias Florales de 2\u00aa  y 3\u00aa generaci\u00f3n<\/span> <span class=\"meta-nav\">&rarr;<\/span><\/a><\/p>\n","protected":false},"author":1,"featured_media":0,"parent":887,"menu_order":3,"comment_status":"closed","ping_status":"closed","template":"","meta":{"footnotes":""},"class_list":["post-927","page","type-page","status-publish","hentry"],"_links":{"self":[{"href":"https:\/\/crecimientointerior.com\/index.php\/wp-json\/wp\/v2\/pages\/927","targetHints":{"allow":["GET"]}}],"collection":[{"href":"https:\/\/crecimientointerior.com\/index.php\/wp-json\/wp\/v2\/pages"}],"about":[{"href":"https:\/\/crecimientointerior.com\/index.php\/wp-json\/wp\/v2\/types\/page"}],"author":[{"embeddable":true,"href":"https:\/\/crecimientointerior.com\/index.php\/wp-json\/wp\/v2\/users\/1"}],"replies":[{"embeddable":true,"href":"https:\/\/crecimientointerior.com\/index.php\/wp-json\/wp\/v2\/comments?post=927"}],"version-history":[{"count":0,"href":"https:\/\/crecimientointerior.com\/index.php\/wp-json\/wp\/v2\/pages\/927\/revisions"}],"up":[{"embeddable":true,"href":"https:\/\/crecimientointerior.com\/index.php\/wp-json\/wp\/v2\/pages\/887"}],"wp:attachment":[{"href":"https:\/\/crecimientointerior.com\/index.php\/wp-json\/wp\/v2\/media?parent=927"}],"curies":[{"name":"wp","href":"https:\/\/api.w.org\/{rel}","templated":true}]}}