{"id":1138,"date":"2016-07-27T21:41:57","date_gmt":"2016-07-27T20:41:57","guid":{"rendered":"http:\/\/crecimientointerior.com\/?page_id=1138"},"modified":"2026-01-08T21:58:59","modified_gmt":"2026-01-08T20:58:59","slug":"cursos-esencias-florales","status":"publish","type":"page","link":"https:\/\/crecimientointerior.com\/index.php\/pagina-cursos\/cursos-esencias-florales\/","title":{"rendered":"Cursos Esencias Florales"},"content":{"rendered":"<p style=\"text-align: center;\"><strong>En el 2026<\/strong><\/p>\n<p style=\"text-align: center;\"><strong>Si formas parte de un colectivo y te\/os interesa, no dud\u00e9is en preguntar condiciones<\/strong><\/p>\n<p style=\"text-align: center;\"><strong>M\u00e1s adelante y en formato de un s\u00e1bado al mes\/<\/strong><\/p>\n<p><strong>\u00a0<\/strong>Formaciones en \u00a0ESENCIAS FLORALES de OTROS GRUPOS y SISTEMAS:<\/p>\n<ul>\n<li>\u00a0Flores del Mediterr\u00e1neo (Floralba)<\/li>\n<li>Flores de California (Fes)<\/li>\n<li>Flores del Bush australiano (Ian White)<\/li>\n<li>Elixires \u00c1ureos (Floralba)<\/li>\n<li>Orqu\u00eddeas del Amazonas (Andreas Korte)<br \/>\n<strong><br \/>\n<\/strong><b>\u00a0<\/b><\/li>\n<\/ul>\n<p style=\"text-align: center;\"><span style=\"color: #000000;\"><img loading=\"lazy\" decoding=\"async\" class=\"alignnone size-full wp-image-673\" src=\"http:\/\/carmenrisueno.files.wordpress.com\/2012\/12\/separador.png\" alt=\"Separador\" width=\"282\" height=\"59\" \/><\/span><\/p>\n<p style=\"text-align: center;\"><span style=\"color: #000000;\"><strong>\u00a0<\/strong><\/span><\/p>\n<h2 style=\"text-align: center;\"><span style=\"color: #000000;\"><em><strong>**Todos los tratamientos y actividades apoyan absolutamente la salud f\u00edsica y mental, aunque no son sustitutivos de medicina o medicamento alguno**<\/strong><\/em><\/span><\/h2>\n<p style=\"text-align: center;\"><span style=\"color: #000000;\"><img loading=\"lazy\" decoding=\"async\" class=\"alignnone size-full wp-image-643\" src=\"http:\/\/carmenrisueno.files.wordpress.com\/2014\/04\/logo_crecimiento.jpg\" alt=\"Crecimiento Interior\" width=\"329\" height=\"205\" srcset=\"https:\/\/crecimientointerior.com\/wp-content\/uploads\/2014\/04\/logo_crecimiento.jpg 329w, https:\/\/crecimientointerior.com\/wp-content\/uploads\/2014\/04\/logo_crecimiento-300x187.jpg 300w\" sizes=\"auto, (max-width: 329px) 100vw, 329px\" \/><\/span><\/p>\n","protected":false},"excerpt":{"rendered":"<p>En el 2026 Si formas parte de un colectivo y te\/os interesa, no dud\u00e9is en preguntar condiciones M\u00e1s adelante y en formato de un s\u00e1bado al mes\/ \u00a0Formaciones en \u00a0ESENCIAS FLORALES de OTROS GRUPOS y SISTEMAS: \u00a0Flores del Mediterr\u00e1neo (Floralba) Flores de California (Fes) Flores del Bush australiano (Ian White) Elixires \u00c1ureos (Floralba) Orqu\u00eddeas del &hellip; <a href=\"https:\/\/crecimientointerior.com\/index.php\/pagina-cursos\/cursos-esencias-florales\/\" class=\"more-link\">Seguir leyendo <span class=\"screen-reader-text\">Cursos Esencias Florales<\/span> <span class=\"meta-nav\">&rarr;<\/span><\/a><\/p>\n","protected":false},"author":1,"featured_media":0,"parent":867,"menu_order":0,"comment_status":"closed","ping_status":"closed","template":"","meta":{"footnotes":""},"class_list":["post-1138","page","type-page","status-publish","hentry"],"_links":{"self":[{"href":"https:\/\/crecimientointerior.com\/index.php\/wp-json\/wp\/v2\/pages\/1138","targetHints":{"allow":["GET"]}}],"collection":[{"href":"https:\/\/crecimientointerior.com\/index.php\/wp-json\/wp\/v2\/pages"}],"about":[{"href":"https:\/\/crecimientointerior.com\/index.php\/wp-json\/wp\/v2\/types\/page"}],"author":[{"embeddable":true,"href":"https:\/\/crecimientointerior.com\/index.php\/wp-json\/wp\/v2\/users\/1"}],"replies":[{"embeddable":true,"href":"https:\/\/crecimientointerior.com\/index.php\/wp-json\/wp\/v2\/comments?post=1138"}],"version-history":[{"count":0,"href":"https:\/\/crecimientointerior.com\/index.php\/wp-json\/wp\/v2\/pages\/1138\/revisions"}],"up":[{"embeddable":true,"href":"https:\/\/crecimientointerior.com\/index.php\/wp-json\/wp\/v2\/pages\/867"}],"wp:attachment":[{"href":"https:\/\/crecimientointerior.com\/index.php\/wp-json\/wp\/v2\/media?parent=1138"}],"curies":[{"name":"wp","href":"https:\/\/api.w.org\/{rel}","templated":true}]}}