{"id":1007,"date":"2015-12-22T17:22:07","date_gmt":"2015-12-22T16:22:07","guid":{"rendered":"http:\/\/crecimientointerior.com\/?page_id=1007"},"modified":"2015-12-22T17:22:07","modified_gmt":"2015-12-22T16:22:07","slug":"1007-2","status":"publish","type":"page","link":"https:\/\/crecimientointerior.com\/index.php\/1007-2\/","title":{"rendered":"La Bioenerg\u00e9tica"},"content":{"rendered":"<p style=\"text-align:right;\"><span style=\"color:#000000;\"><strong>Por Carmen Risue\u00f1o Izquierdo\u00a0<\/strong><\/span><br \/>\n<span style=\"color:#000000;\"> <strong>Enfermera. Terapia Gestalt. An\u00e1lisis transaccional.<\/strong><\/span><br \/>\n<span style=\"color:#000000;\"> <strong>Eneagrama de la personalidad. <\/strong><\/span><br \/>\n<span style=\"color:#000000;\"> <strong>Reflexolog\u00eda podal<\/strong><\/span><br \/>\n<span style=\"color:#000000;\"> <strong>Maestra Reiki-Usui\u00a0<\/strong><\/span><\/p>\n<p>&nbsp;<\/p>\n<p style=\"text-align:justify;\"><span style=\"color:#000000;\">La llamada <em>medicina Bioenerg\u00e8tica<\/em> presupone una capacidad de \u201ccompensaci\u00f3n\u201d, \u201cregulaci\u00f3n\u201d y\u00a0 \u201creacci\u00f3n\u201d en el paciente (que busca paz ).<\/span><\/p>\n<p style=\"text-align:justify;\"><span style=\"color:#000000;\">Se debe hacer al paciente capaz de regular su energ\u00eda para que la terapia pueda lograr su efecto curativo.<\/span><\/p>\n<p style=\"text-align:justify;\"><span style=\"color:#000000;\">El \u00e9xito de esto ser\u00e1 dirigir la terapia a estabilizar la \u201cestructura\u201denerg\u00e9tica, recuperando la capacidad de compensaci\u00f3n, regulaci\u00f3n y reacci\u00f3n del organismo. Solo se har\u00e1 desde el miedo o, desde el amor. El amor es una energ\u00eda que, cuando \u201croza\u201d, se conoce y se reconoce, se experimenta c\u00f3mo altamente curativa.<\/span><\/p>\n<p style=\"text-align:justify;\"><span style=\"color:#000000;\">El objetivo es la \u201crecuperaci\u00f3n\u201d de las fuerzas \u201cautocurativas\u201d del paciente, capacidad de autorregulaci\u00f3n del cuerpo. Homeost\u00e1sis<\/span><\/p>\n<p style=\"text-align:justify;\"><span style=\"color:#000000;\">Diferencias entre enfermedades \u201cfuncionales\u201d y enfermedades \u201corg\u00e1nicas\u201d:<\/span><\/p>\n<p style=\"text-align:justify;\"><span style=\"color:#000000;\">*Funcional es aquello que al perturbarse afecta puramente al sistema de conducci\u00f3n de est\u00edmulos, p.ej. si un paciente nos llega con arritmias (alteraci\u00f3n del pulso cardiaco). Entra en juego y bastante el fondo emocional del individuo<\/span><\/p>\n<p style=\"text-align:justify;\"><span style=\"color:#000000;\">*Org\u00e1nico es aquello que a causa de una falta de provisiones (ox\u00edgeno y otros nutrientes) en el m\u00fasculo card\u00edaco, p.ej. puede que en un vaso coronario haya un \u201ctrombo\u201d haciendo que el m\u00fasculo cardiaco degenere y se origina la enfermedad org\u00e1nica ( del \u00f3rgano).<\/span><\/p>\n<p style=\"text-align:justify;\"><span style=\"color:#000000;\">Las enfermedades funcionales transcurren s\u00f3lo en un nivel energ\u00e9tico, mientras que las org\u00e1nicas lo hacen tambi\u00e9n a nivel material-corporal.<\/span><\/p>\n<p style=\"text-align:justify;\"><span style=\"color:#000000;\">Funcionales y energ\u00e9ticas vienen a ser lo mismo. Las enfermedades energ\u00e9ticas preceden a las org\u00e1nicas, si aquella energ\u00eda da\u00f1ada, alterada, disminuida, exacerbada\u2026 no se reajusta ni se reorganiza correctamente.<\/span><\/p>\n<p style=\"text-align:justify;\"><span style=\"color:#000000;\">Se diferencia de los ttos \u201calop\u00e1ticos\u201d porque aqu\u00ed la primera causa que conoce el paciente no es siempre la causa \u201cverdadera\u201d, lo que caus\u00f3 la evoluci\u00f3n de la enfermedad. Habr\u00e1 que dilucidar qu\u00e9 factor perturbador es el m\u00e1s \u201cterap\u00e9utico\u201d. De este modo no confundiremos desencadenante con causante.<\/span><\/p>\n<p style=\"text-align:justify;\"><span style=\"color:#000000;\">La perturbaci\u00f3n energ\u00e9tica puede causar \u201clos s\u00edntomas\u201d. Cu\u00e1nta energ\u00eda?, c\u00f3mo es?, c\u00f3mo est\u00e1 repartida?, donde se altera?, d\u00f3nde es insuficiente y d\u00f3nde es excesiva?&#8230;Contemplar todo esto podr\u00e1 ser sumamente eficaz, a la hora de que se origines mejoras o incluso estado reales de salud.<\/span><\/p>\n<p style=\"text-align:justify;\"><span style=\"color:#000000;\">Los M\u00e9todos de diagn\u00f3stico y curaci\u00f3n son diversos\u2026.:<\/span><\/p>\n<p style=\"text-align:justify;\"><span style=\"color:#000000;\">&#8211; los 5 elementos de la medicina tradicional china.<\/span><\/p>\n<p style=\"text-align:justify;\"><span style=\"color:#000000;\">&#8211; kinesiolog\u00eda.<\/span><\/p>\n<p style=\"text-align:justify;\"><span style=\"color:#000000;\">&#8211; reflexolg\u00eda podal.<\/span><\/p>\n<p style=\"text-align:justify;\"><span style=\"color:#000000;\">&#8211; reflexolog\u00eda manual.<\/span><\/p>\n<p style=\"text-align:justify;\"><span style=\"color:#000000;\">&#8211; auriculoterapia.<\/span><\/p>\n<p style=\"text-align:justify;\"><span style=\"color:#000000;\">&#8211; t\u00e9cnicas psicoter\u00e1picas: gestalt, rogers, an\u00e1lisis transaccional, p.n.l, focusyng, energy-focusyng<\/span><\/p>\n<p style=\"text-align:justify;\"><span style=\"color:#000000;\">&#8211; t\u00e9cnica ortomolecular.<\/span><\/p>\n<p style=\"text-align:justify;\"><span style=\"color:#000000;\">&#8211; oscilaciones del \u201cpulso\u201d del Dr. Nogier.<\/span><\/p>\n<p style=\"text-align:justify;\"><span style=\"color:#000000;\">-las esencias florales, varios grupos y sistemas: proceden del veh\u00edculo vivo que sustenta el patr\u00f3n de la conciencia y tambi\u00e9n lo amplifican.<\/span><\/p>\n<p style=\"text-align:justify;\"><span style=\"color:#000000;\">&#8211; homeopatia.<\/span><\/p>\n<p style=\"text-align:justify;\"><span style=\"color:#000000;\">&#8211; fitoterapia.<\/span><\/p>\n<p style=\"text-align:justify;\"><span style=\"color:#000000;\">&#8211; fotograf\u00edas con Kamara Kirlian.<\/span><\/p>\n<p style=\"text-align:justify;\"><span style=\"color:#000000;\">&#8211; shiatsu.<\/span><\/p>\n<p style=\"text-align:justify;\"><span style=\"color:#000000;\">&#8211; acupuntura .<\/span><\/p>\n<p style=\"text-align:justify;\"><span style=\"color:#000000;\">&#8211; radiestesia. qu\u00e1ntica<\/span><\/p>\n<p style=\"text-align:justify;\"><span style=\"color:#000000;\">&#8211; electroterapia. Y\u00a0 radi\u00f3nica. Moraterapia\u2026. Biorresonancia\u2026<\/span><\/p>\n<p style=\"text-align:justify;\"><span style=\"color:#000000;\">Y un largo, largo y riguroso etc<\/span><\/p>\n<p style=\"text-align:center;\"><span style=\"color:#000000;\">\u201c<strong>Los s\u00edntomas no son la enfermedad\u201d, no perdamos esto de vista<\/strong><\/span><\/p>\n<p style=\"text-align:justify;\"><span style=\"color:#000000;\">En las enfermedades cr\u00f3nicas, no se deben suprimir s\u00edntomas, pues pueden tener graves consecuencias, es la desconexi\u00f3n de la \u201cse\u00f1al de alarma\u201d dejando que la verdadera causa contin\u00fae actuando sin dificultad hasta desarrollar la \u201cenfermedad cr\u00f3nica\u201d.<\/span><\/p>\n<p style=\"text-align:justify;\"><span style=\"color:#000000;\"><u>\u00a0<\/u><\/span><\/p>\n<p style=\"text-align:justify;\"><span style=\"color:#000000;\">La \u201cc\u00e9lula\u201d muere cuando su mecanismo de autodestrucci\u00f3n \u201ces activado\u201d, \u00f3 si no, recibe se\u00f1ales portadoras de vida de sus c\u00e9lulas vecinas. La ley primigenia de la vida dice que las c\u00e9lulas defectuosas deben morir para dar lugar a una vida sana.<\/span><\/p>\n<p style=\"text-align:justify;\"><span style=\"color:#000000;\">Lo mismo pasa con la consciencia, si algo se percibe como defectuoso y no v\u00e1lido en nuestra vida, morir\u00e1.<\/span><\/p>\n<p style=\"text-align:justify;\"><span style=\"color:#000000;\">La Biocibern\u00e9tica es la ciencia que estudia los procesos de control de la informaci\u00f3n en el ser vivo. Vamos teniendo la noci\u00f3n de red de circuitos integrados en un sistema energ\u00e9tico vital (principios de la terapia neural).<\/span><\/p>\n<p style=\"text-align:justify;\"><span style=\"color:#000000;\">Un \u201cruido\u201d o campo interferente (cicatrices, amalgamas dentales,\u2026) en cualquier parte del organismo puede afectar la regulaci\u00f3n global del sistema biol\u00f3gico, de ah\u00ed que \u201cel todo est\u00e1 en la parte\u201d y la parte es un reflejo del conjunto. Los c\u00f3digos de frecuencias correspondientes a diferentes funciones y localizaciones en el organismo, nos permiten tratar la enfermedad como \u201cuna desviaci\u00f3n de la oscilaci\u00f3n normal\u201d de un \u00f3rgano \u00f3 sistema, que se medir\u00e1 y se tratar\u00e1 con \u201cest\u00edmulos electromagn\u00e9ticos pulsados\u201d. Pablo Nogier descubridor y profesor de estos conocimientos cuyas ense\u00f1anzas permiten interpretar la vida como un sistema de informaci\u00f3n, y la enfermedad como un ruido que se ha introducido en dicho sistema (bases en las elaboraciones y tratamientos de las Esencias \u00c1ureas). La continuidad funcional en el organismo es constatada por \u201cla psicoinmunolog\u00eda\u201d \u00f3 integraci\u00f3n de varios sistemas. Muy importante es la MODULACI\u00d3N de ENERG\u00cdA en el organismo HUMANO.<\/span><\/p>\n<p style=\"text-align:justify;\"><span style=\"color:#000000;\">Los niveles de ENERG\u00cdA son niveles de CONCIENCIA, cierto es que los entramados de ENERG\u00cdA van formando campos de expresi\u00f3n de la \u00fanica realidad: LA CONCIENCIA. La medicina alop\u00e1tica estudia la \u201cconciencia material\u201d en el cuerpo f\u00edsico, se nos observa y trata por \u201cpartes\u201d, cuanto <strong>m\u00e1s y mejor estemos de \u201cintegrados\u201d,<\/strong> m\u00e1s saludables y felices nos hallaremos; las llamadas medicinas energ\u00e9ticas (p.ej. entre otras las esencias florales,\u2026) su campo de energ\u00eda es adquisici\u00f3n de \u201cconciencia electromagn\u00e9tica\u201d; las ramas que estudian dentro de la psicolog\u00eda har\u00e1n \u201cconciencia emocional y mental\u201d; y la religi\u00f3n (antes) se encargaba de la \u201cconciencia transpersonal\u201d. La conciencia conduce a la \u201crelaci\u00f3n\u201d, dando forma a un universo, universo que evoluciona hacia la uni\u00f3n. La uni\u00f3n con uno mismo en el hombre es alcanzar conciencia de SI.<\/span><\/p>\n<p style=\"text-align:justify;\"><span style=\"color:#000000;\">La conciencia grupal la forma EL ALMA que se manifiesta en \u201cservicio y hermandad\u201d. Toda vida es la expresi\u00f3n de un campo unificado de conciencia.<\/span><\/p>\n<p style=\"text-align:center;\"><span style=\"color:#000000;\">Es \u00fatil el separar, para m\u00e1s tarde unificar: <strong>integrar<\/strong><\/span><\/p>\n<p style=\"text-align:center;\"><span style=\"color:#000000;\"><strong>No dejemos al paciente roto en partes, no lo tratemos a porciones<\/strong><\/span><\/p>\n<p style=\"text-align:center;\"><span style=\"color:#000000;\"><strong>Pues, El UNIVERSO: est\u00e1 HECHO de UNA VEZ.<br \/>\n<\/strong><\/span><\/p>\n<p>&nbsp;<\/p>\n<p>&nbsp;<\/p>\n<p><span style=\"color:#000000;\">En medicina convencional-mecanicista, es tratado el organismo de cada persona en porciones, solo la porci\u00f3n que \u201caparenta\u201d estar con enfermedad, el resto del organismo sin duda que tambi\u00e9n est\u00e1 presente en lo que afecta al individuo, dado a que este se compone de UN TODO, somos seres completos o, con el \u00e1nimo de completarnos, cuanto m\u00e1s nos separen, m\u00e1s lejos estamos de la integraci\u00f3n, de la cura y de la salud vital<\/span><\/p>\n<p style=\"text-align:center;\"><span style=\"color:#000000;\"><strong>\u00a0<\/strong><\/span><\/p>\n","protected":false},"excerpt":{"rendered":"<p>Por Carmen Risue\u00f1o Izquierdo\u00a0 Enfermera. Terapia Gestalt. An\u00e1lisis transaccional. Eneagrama de la personalidad. Reflexolog\u00eda podal Maestra Reiki-Usui\u00a0 &nbsp; La llamada medicina Bioenerg\u00e8tica presupone una capacidad de \u201ccompensaci\u00f3n\u201d, \u201cregulaci\u00f3n\u201d y\u00a0 \u201creacci\u00f3n\u201d en el paciente (que busca paz ). Se debe hacer al paciente capaz de regular su energ\u00eda para que la terapia pueda lograr su efecto &hellip; <a href=\"https:\/\/crecimientointerior.com\/index.php\/1007-2\/\" class=\"more-link\">Seguir leyendo <span class=\"screen-reader-text\">La Bioenerg\u00e9tica<\/span> <span class=\"meta-nav\">&rarr;<\/span><\/a><\/p>\n","protected":false},"author":1,"featured_media":0,"parent":0,"menu_order":1,"comment_status":"closed","ping_status":"closed","template":"","meta":{"footnotes":""},"class_list":["post-1007","page","type-page","status-publish","hentry"],"_links":{"self":[{"href":"https:\/\/crecimientointerior.com\/index.php\/wp-json\/wp\/v2\/pages\/1007","targetHints":{"allow":["GET"]}}],"collection":[{"href":"https:\/\/crecimientointerior.com\/index.php\/wp-json\/wp\/v2\/pages"}],"about":[{"href":"https:\/\/crecimientointerior.com\/index.php\/wp-json\/wp\/v2\/types\/page"}],"author":[{"embeddable":true,"href":"https:\/\/crecimientointerior.com\/index.php\/wp-json\/wp\/v2\/users\/1"}],"replies":[{"embeddable":true,"href":"https:\/\/crecimientointerior.com\/index.php\/wp-json\/wp\/v2\/comments?post=1007"}],"version-history":[{"count":0,"href":"https:\/\/crecimientointerior.com\/index.php\/wp-json\/wp\/v2\/pages\/1007\/revisions"}],"wp:attachment":[{"href":"https:\/\/crecimientointerior.com\/index.php\/wp-json\/wp\/v2\/media?parent=1007"}],"curies":[{"name":"wp","href":"https:\/\/api.w.org\/{rel}","templated":true}]}}